{"id":4096,"date":"2020-11-02T13:46:18","date_gmt":"2020-11-02T13:46:18","guid":{"rendered":"https:\/\/cocinas-tenerife.com\/diseno-de-cocina-atemporal\/"},"modified":"2020-11-14T15:14:25","modified_gmt":"2020-11-14T15:14:25","slug":"diseno-de-cocina-atemporal","status":"publish","type":"page","link":"https:\/\/cocinas-tenerife.com\/es\/diseno-de-cocina-atemporal\/","title":{"rendered":"Dise\u00f1o de cocina atemporal"},"content":{"rendered":"\t\t<div data-elementor-type=\"wp-page\" data-elementor-id=\"4096\" class=\"elementor elementor-4096 elementor-3557\" data-elementor-post-type=\"page\">\n\t\t\t\t\t\t<section class=\"elementor-section elementor-top-section elementor-element elementor-element-6d8ae3f elementor-section-full_width elementor-section-height-default elementor-section-height-default\" data-id=\"6d8ae3f\" data-element_type=\"section\" data-e-type=\"section\">\n\t\t\t\t\t\t<div class=\"elementor-container elementor-column-gap-default\">\n\t\t\t\t\t<div class=\"elementor-column elementor-col-100 elementor-top-column elementor-element elementor-element-6ef74f9\" data-id=\"6ef74f9\" data-element_type=\"column\" data-e-type=\"column\">\n\t\t\t<div class=\"elementor-widget-wrap elementor-element-populated\">\n\t\t\t\t\t\t<div class=\"elementor-element elementor-element-75857ee elementor-widget elementor-widget-image\" data-id=\"75857ee\" data-element_type=\"widget\" data-e-type=\"widget\" data-widget_type=\"image.default\">\n\t\t\t\t<div class=\"elementor-widget-container\">\n\t\t\t\t\t\t\t\t\t\t\t\t\t\t\t<img fetchpriority=\"high\" decoding=\"async\" width=\"2702\" height=\"762\" src=\"https:\/\/cocinas-tenerife.com\/wp-content\/uploads\/2019\/12\/classic-kueche-0324_sylt851-847_50143_19-1351x381-1.jpg\" class=\"attachment-full size-full wp-image-2698\" alt=\"Classic - Moderne K\u00fcche bei 1-2-3 K\u00fcchen, Puerto de la Cruz, Teneriffa\" srcset=\"https:\/\/cocinas-tenerife.com\/wp-content\/uploads\/2019\/12\/classic-kueche-0324_sylt851-847_50143_19-1351x381-1.jpg 2702w, https:\/\/cocinas-tenerife.com\/wp-content\/uploads\/2019\/12\/classic-kueche-0324_sylt851-847_50143_19-1351x381-1-300x85.jpg 300w, https:\/\/cocinas-tenerife.com\/wp-content\/uploads\/2019\/12\/classic-kueche-0324_sylt851-847_50143_19-1351x381-1-1024x289.jpg 1024w, https:\/\/cocinas-tenerife.com\/wp-content\/uploads\/2019\/12\/classic-kueche-0324_sylt851-847_50143_19-1351x381-1-768x217.jpg 768w, https:\/\/cocinas-tenerife.com\/wp-content\/uploads\/2019\/12\/classic-kueche-0324_sylt851-847_50143_19-1351x381-1-1536x433.jpg 1536w, https:\/\/cocinas-tenerife.com\/wp-content\/uploads\/2019\/12\/classic-kueche-0324_sylt851-847_50143_19-1351x381-1-2048x578.jpg 2048w, https:\/\/cocinas-tenerife.com\/wp-content\/uploads\/2019\/12\/classic-kueche-0324_sylt851-847_50143_19-1351x381-1-1080x305.jpg 1080w, https:\/\/cocinas-tenerife.com\/wp-content\/uploads\/2019\/12\/classic-kueche-0324_sylt851-847_50143_19-1351x381-1-1280x361.jpg 1280w, https:\/\/cocinas-tenerife.com\/wp-content\/uploads\/2019\/12\/classic-kueche-0324_sylt851-847_50143_19-1351x381-1-980x276.jpg 980w, https:\/\/cocinas-tenerife.com\/wp-content\/uploads\/2019\/12\/classic-kueche-0324_sylt851-847_50143_19-1351x381-1-480x135.jpg 480w\" sizes=\"(max-width: 2702px) 100vw, 2702px\" \/>\t\t\t\t\t\t\t\t\t\t\t\t\t\t\t<\/div>\n\t\t\t\t<\/div>\n\t\t\t\t\t<\/div>\n\t\t<\/div>\n\t\t\t\t\t<\/div>\n\t\t<\/section>\n\t\t\t\t<section class=\"elementor-section elementor-top-section elementor-element elementor-element-d0b6e19 elementor-section-boxed elementor-section-height-default elementor-section-height-default\" data-id=\"d0b6e19\" data-element_type=\"section\" data-e-type=\"section\">\n\t\t\t\t\t\t<div class=\"elementor-container elementor-column-gap-default\">\n\t\t\t\t\t<div class=\"elementor-column elementor-col-100 elementor-top-column elementor-element elementor-element-9612aa6\" data-id=\"9612aa6\" data-element_type=\"column\" data-e-type=\"column\">\n\t\t\t<div class=\"elementor-widget-wrap elementor-element-populated\">\n\t\t\t\t\t\t<div class=\"elementor-element elementor-element-fab272f elementor-widget elementor-widget-spacer\" data-id=\"fab272f\" data-element_type=\"widget\" data-e-type=\"widget\" data-widget_type=\"spacer.default\">\n\t\t\t\t<div class=\"elementor-widget-container\">\n\t\t\t\t\t\t\t<div class=\"elementor-spacer\">\n\t\t\t<div class=\"elementor-spacer-inner\"><\/div>\n\t\t<\/div>\n\t\t\t\t\t\t<\/div>\n\t\t\t\t<\/div>\n\t\t\t\t<div class=\"elementor-element elementor-element-0d65c6e elementor-widget elementor-widget-heading\" data-id=\"0d65c6e\" data-element_type=\"widget\" data-e-type=\"widget\" data-widget_type=\"heading.default\">\n\t\t\t\t<div class=\"elementor-widget-container\">\n\t\t\t\t\t<h1 class=\"elementor-heading-title elementor-size-default\">Dise\u00f1o de cocina atemporal<\/h1>\t\t\t\t<\/div>\n\t\t\t\t<\/div>\n\t\t\t\t<div class=\"elementor-element elementor-element-17cce6a elementor-widget elementor-widget-heading\" data-id=\"17cce6a\" data-element_type=\"widget\" data-e-type=\"widget\" data-widget_type=\"heading.default\">\n\t\t\t\t<div class=\"elementor-widget-container\">\n\t\t\t\t\t<h2 class=\"elementor-heading-title elementor-size-default\">La modernidad y el clasicismo se encuentran aqu\u00ed. El resultado son cocinas con un estilo atemporal que nunca pasan de moda.<\/h2>\t\t\t\t<\/div>\n\t\t\t\t<\/div>\n\t\t\t\t<div class=\"elementor-element elementor-element-6c71e90 elementor-widget elementor-widget-spacer\" data-id=\"6c71e90\" data-element_type=\"widget\" data-e-type=\"widget\" data-widget_type=\"spacer.default\">\n\t\t\t\t<div class=\"elementor-widget-container\">\n\t\t\t\t\t\t\t<div class=\"elementor-spacer\">\n\t\t\t<div class=\"elementor-spacer-inner\"><\/div>\n\t\t<\/div>\n\t\t\t\t\t\t<\/div>\n\t\t\t\t<\/div>\n\t\t\t\t<div class=\"elementor-element elementor-element-001bbb2 elementor-widget elementor-widget-text-editor\" data-id=\"001bbb2\" data-element_type=\"widget\" data-e-type=\"widget\" data-widget_type=\"text-editor.default\">\n\t\t\t\t<div class=\"elementor-widget-container\">\n\t\t\t\t\t\t\t\t\t<p>Esta cocina se caracteriza por una elegancia purista, l\u00edneas rectas y funciones pr\u00e1cticas. La cocina cl\u00e1sica se concentra en lo esencial y por lo tanto se convierte en un atractivo y cumple con las demandas de las diferentes generaciones.<\/p>\n<p>Para su cocina tambi\u00e9n ofrecemos fregaderos de cer\u00e1mica y grifos a juego en un color id\u00e9ntico o en contraste con la encimera.<\/p>\n\t\t\t\t\t\t\t\t<\/div>\n\t\t\t\t<\/div>\n\t\t\t\t<div class=\"elementor-element elementor-element-ba9c35a elementor-widget elementor-widget-spacer\" data-id=\"ba9c35a\" data-element_type=\"widget\" data-e-type=\"widget\" data-widget_type=\"spacer.default\">\n\t\t\t\t<div class=\"elementor-widget-container\">\n\t\t\t\t\t\t\t<div class=\"elementor-spacer\">\n\t\t\t<div class=\"elementor-spacer-inner\"><\/div>\n\t\t<\/div>\n\t\t\t\t\t\t<\/div>\n\t\t\t\t<\/div>\n\t\t\t\t\t<\/div>\n\t\t<\/div>\n\t\t\t\t\t<\/div>\n\t\t<\/section>\n\t\t\t\t<section class=\"elementor-section elementor-top-section elementor-element elementor-element-e14f1b1 elementor-section-boxed elementor-section-height-default elementor-section-height-default\" data-id=\"e14f1b1\" data-element_type=\"section\" data-e-type=\"section\">\n\t\t\t\t\t\t<div class=\"elementor-container elementor-column-gap-default\">\n\t\t\t\t\t<div class=\"elementor-column elementor-col-100 elementor-top-column elementor-element elementor-element-a5858c8\" data-id=\"a5858c8\" data-element_type=\"column\" data-e-type=\"column\">\n\t\t\t<div class=\"elementor-widget-wrap elementor-element-populated\">\n\t\t\t\t\t\t<div class=\"elementor-element elementor-element-9e0e39b elementor-widget elementor-widget-gallery\" data-id=\"9e0e39b\" data-element_type=\"widget\" data-e-type=\"widget\" data-settings=\"{&quot;lazyload&quot;:&quot;yes&quot;,&quot;gallery_layout&quot;:&quot;grid&quot;,&quot;columns&quot;:4,&quot;columns_tablet&quot;:2,&quot;columns_mobile&quot;:1,&quot;gap&quot;:{&quot;unit&quot;:&quot;px&quot;,&quot;size&quot;:10,&quot;sizes&quot;:[]},&quot;gap_tablet&quot;:{&quot;unit&quot;:&quot;px&quot;,&quot;size&quot;:10,&quot;sizes&quot;:[]},&quot;gap_mobile&quot;:{&quot;unit&quot;:&quot;px&quot;,&quot;size&quot;:10,&quot;sizes&quot;:[]},&quot;link_to&quot;:&quot;file&quot;,&quot;aspect_ratio&quot;:&quot;3:2&quot;,&quot;overlay_background&quot;:&quot;yes&quot;,&quot;content_hover_animation&quot;:&quot;fade-in&quot;}\" data-widget_type=\"gallery.default\">\n\t\t\t\t<div class=\"elementor-widget-container\">\n\t\t\t\t\t\t\t<div class=\"elementor-gallery__container\">\n\t\t\t\t\t\t\t<a class=\"e-gallery-item elementor-gallery-item elementor-animated-content\" href=\"https:\/\/cocinas-tenerife.com\/wp-content\/uploads\/2020\/05\/597_kansas.jpg\" data-elementor-open-lightbox=\"yes\" data-elementor-lightbox-slideshow=\"9e0e39b\" data-e-action-hash=\"#elementor-action%3Aaction%3Dlightbox%26settings%3DeyJpZCI6MzU2MSwidXJsIjoiaHR0cHM6XC9cL2NvY2luYXMtdGVuZXJpZmUuY29tXC93cC1jb250ZW50XC91cGxvYWRzXC8yMDIwXC8wNVwvNTk3X2thbnNhcy5qcGciLCJzbGlkZXNob3ciOiI5ZTBlMzliIn0%3D\">\n\t\t\t\t\t<div class=\"e-gallery-image elementor-gallery-item__image\" data-thumbnail=\"https:\/\/cocinas-tenerife.com\/wp-content\/uploads\/2020\/05\/597_kansas-768x366.jpg\" data-width=\"768\" data-height=\"366\" aria-label=\"Classic - Moderne K\u00fcche bei 1-2-3 K\u00fcchen, Puerto de la Cruz, Teneriffa\" role=\"img\" ><\/div>\n\t\t\t\t\t\t\t\t\t\t\t<div class=\"elementor-gallery-item__overlay\"><\/div>\n\t\t\t\t\t\t\t\t\t\t\t\t\t\t<\/a>\n\t\t\t\t\t\t\t<a class=\"e-gallery-item elementor-gallery-item elementor-animated-content\" href=\"https:\/\/cocinas-tenerife.com\/wp-content\/uploads\/2020\/05\/741_gent.jpg\" data-elementor-open-lightbox=\"yes\" data-elementor-lightbox-slideshow=\"9e0e39b\" data-e-action-hash=\"#elementor-action%3Aaction%3Dlightbox%26settings%3DeyJpZCI6MzU2NCwidXJsIjoiaHR0cHM6XC9cL2NvY2luYXMtdGVuZXJpZmUuY29tXC93cC1jb250ZW50XC91cGxvYWRzXC8yMDIwXC8wNVwvNzQxX2dlbnQuanBnIiwic2xpZGVzaG93IjoiOWUwZTM5YiJ9\">\n\t\t\t\t\t<div class=\"e-gallery-image elementor-gallery-item__image\" data-thumbnail=\"https:\/\/cocinas-tenerife.com\/wp-content\/uploads\/2020\/05\/741_gent-768x366.jpg\" data-width=\"768\" data-height=\"366\" aria-label=\"Classic - Moderne K\u00fcche bei 1-2-3 K\u00fcchen, Puerto de la Cruz, Teneriffa\" role=\"img\" ><\/div>\n\t\t\t\t\t\t\t\t\t\t\t<div class=\"elementor-gallery-item__overlay\"><\/div>\n\t\t\t\t\t\t\t\t\t\t\t\t\t\t<\/a>\n\t\t\t\t\t\t\t<a class=\"e-gallery-item elementor-gallery-item elementor-animated-content\" href=\"https:\/\/cocinas-tenerife.com\/wp-content\/uploads\/2020\/05\/764_credo.jpg\" data-elementor-open-lightbox=\"yes\" data-elementor-lightbox-slideshow=\"9e0e39b\" data-e-action-hash=\"#elementor-action%3Aaction%3Dlightbox%26settings%3DeyJpZCI6MzU2NywidXJsIjoiaHR0cHM6XC9cL2NvY2luYXMtdGVuZXJpZmUuY29tXC93cC1jb250ZW50XC91cGxvYWRzXC8yMDIwXC8wNVwvNzY0X2NyZWRvLmpwZyIsInNsaWRlc2hvdyI6IjllMGUzOWIifQ%3D%3D\">\n\t\t\t\t\t<div class=\"e-gallery-image elementor-gallery-item__image\" data-thumbnail=\"https:\/\/cocinas-tenerife.com\/wp-content\/uploads\/2020\/05\/764_credo-768x366.jpg\" data-width=\"768\" data-height=\"366\" aria-label=\"Classic - Moderne K\u00fcche bei 1-2-3 K\u00fcchen, Puerto de la Cruz, Teneriffa\" role=\"img\" ><\/div>\n\t\t\t\t\t\t\t\t\t\t\t<div class=\"elementor-gallery-item__overlay\"><\/div>\n\t\t\t\t\t\t\t\t\t\t\t\t\t\t<\/a>\n\t\t\t\t\t\t\t<a class=\"e-gallery-item elementor-gallery-item elementor-animated-content\" href=\"https:\/\/cocinas-tenerife.com\/wp-content\/uploads\/2020\/05\/765_credo.jpg\" data-elementor-open-lightbox=\"yes\" data-elementor-lightbox-slideshow=\"9e0e39b\" data-e-action-hash=\"#elementor-action%3Aaction%3Dlightbox%26settings%3DeyJpZCI6MzU3MSwidXJsIjoiaHR0cHM6XC9cL2NvY2luYXMtdGVuZXJpZmUuY29tXC93cC1jb250ZW50XC91cGxvYWRzXC8yMDIwXC8wNVwvNzY1X2NyZWRvLmpwZyIsInNsaWRlc2hvdyI6IjllMGUzOWIifQ%3D%3D\">\n\t\t\t\t\t<div class=\"e-gallery-image elementor-gallery-item__image\" data-thumbnail=\"https:\/\/cocinas-tenerife.com\/wp-content\/uploads\/2020\/05\/765_credo-768x366.jpg\" data-width=\"768\" data-height=\"366\" aria-label=\"Classic - Moderne K\u00fcche bei 1-2-3 K\u00fcchen, Puerto de la Cruz, Teneriffa\" role=\"img\" ><\/div>\n\t\t\t\t\t\t\t\t\t\t\t<div class=\"elementor-gallery-item__overlay\"><\/div>\n\t\t\t\t\t\t\t\t\t\t\t\t\t\t<\/a>\n\t\t\t\t\t\t\t<a class=\"e-gallery-item elementor-gallery-item elementor-animated-content\" href=\"https:\/\/cocinas-tenerife.com\/wp-content\/uploads\/2020\/05\/774_cascada.jpg\" data-elementor-open-lightbox=\"yes\" data-elementor-lightbox-slideshow=\"9e0e39b\" data-e-action-hash=\"#elementor-action%3Aaction%3Dlightbox%26settings%3DeyJpZCI6MzU3NCwidXJsIjoiaHR0cHM6XC9cL2NvY2luYXMtdGVuZXJpZmUuY29tXC93cC1jb250ZW50XC91cGxvYWRzXC8yMDIwXC8wNVwvNzc0X2Nhc2NhZGEuanBnIiwic2xpZGVzaG93IjoiOWUwZTM5YiJ9\">\n\t\t\t\t\t<div class=\"e-gallery-image elementor-gallery-item__image\" data-thumbnail=\"https:\/\/cocinas-tenerife.com\/wp-content\/uploads\/2020\/05\/774_cascada-768x366.jpg\" data-width=\"768\" data-height=\"366\" aria-label=\"Classic - Moderne K\u00fcche bei 1-2-3 K\u00fcchen, Puerto de la Cruz, Teneriffa\" role=\"img\" ><\/div>\n\t\t\t\t\t\t\t\t\t\t\t<div class=\"elementor-gallery-item__overlay\"><\/div>\n\t\t\t\t\t\t\t\t\t\t\t\t\t\t<\/a>\n\t\t\t\t\t\t\t<a class=\"e-gallery-item elementor-gallery-item elementor-animated-content\" href=\"https:\/\/cocinas-tenerife.com\/wp-content\/uploads\/2020\/05\/776_cascada.jpg\" data-elementor-open-lightbox=\"yes\" data-elementor-lightbox-slideshow=\"9e0e39b\" data-e-action-hash=\"#elementor-action%3Aaction%3Dlightbox%26settings%3DeyJpZCI6MzU3NywidXJsIjoiaHR0cHM6XC9cL2NvY2luYXMtdGVuZXJpZmUuY29tXC93cC1jb250ZW50XC91cGxvYWRzXC8yMDIwXC8wNVwvNzc2X2Nhc2NhZGEuanBnIiwic2xpZGVzaG93IjoiOWUwZTM5YiJ9\">\n\t\t\t\t\t<div class=\"e-gallery-image elementor-gallery-item__image\" data-thumbnail=\"https:\/\/cocinas-tenerife.com\/wp-content\/uploads\/2020\/05\/776_cascada-768x366.jpg\" data-width=\"768\" data-height=\"366\" aria-label=\"Classic - Moderne K\u00fcche bei 1-2-3 K\u00fcchen, Puerto de la Cruz, Teneriffa\" role=\"img\" ><\/div>\n\t\t\t\t\t\t\t\t\t\t\t<div class=\"elementor-gallery-item__overlay\"><\/div>\n\t\t\t\t\t\t\t\t\t\t\t\t\t\t<\/a>\n\t\t\t\t\t\t\t<a class=\"e-gallery-item elementor-gallery-item elementor-animated-content\" href=\"https:\/\/cocinas-tenerife.com\/wp-content\/uploads\/2020\/05\/847_sylt.jpg\" data-elementor-open-lightbox=\"yes\" data-elementor-lightbox-slideshow=\"9e0e39b\" data-e-action-hash=\"#elementor-action%3Aaction%3Dlightbox%26settings%3DeyJpZCI6MzU4MCwidXJsIjoiaHR0cHM6XC9cL2NvY2luYXMtdGVuZXJpZmUuY29tXC93cC1jb250ZW50XC91cGxvYWRzXC8yMDIwXC8wNVwvODQ3X3N5bHQuanBnIiwic2xpZGVzaG93IjoiOWUwZTM5YiJ9\">\n\t\t\t\t\t<div class=\"e-gallery-image elementor-gallery-item__image\" data-thumbnail=\"https:\/\/cocinas-tenerife.com\/wp-content\/uploads\/2020\/05\/847_sylt-768x366.jpg\" data-width=\"768\" data-height=\"366\" aria-label=\"Classic - Moderne K\u00fcche bei 1-2-3 K\u00fcchen, Puerto de la Cruz, Teneriffa\" role=\"img\" ><\/div>\n\t\t\t\t\t\t\t\t\t\t\t<div class=\"elementor-gallery-item__overlay\"><\/div>\n\t\t\t\t\t\t\t\t\t\t\t\t\t\t<\/a>\n\t\t\t\t\t\t\t<a class=\"e-gallery-item elementor-gallery-item elementor-animated-content\" href=\"https:\/\/cocinas-tenerife.com\/wp-content\/uploads\/2020\/05\/851_sylt.jpg\" data-elementor-open-lightbox=\"yes\" data-elementor-lightbox-slideshow=\"9e0e39b\" data-e-action-hash=\"#elementor-action%3Aaction%3Dlightbox%26settings%3DeyJpZCI6MzU4MywidXJsIjoiaHR0cHM6XC9cL2NvY2luYXMtdGVuZXJpZmUuY29tXC93cC1jb250ZW50XC91cGxvYWRzXC8yMDIwXC8wNVwvODUxX3N5bHQuanBnIiwic2xpZGVzaG93IjoiOWUwZTM5YiJ9\">\n\t\t\t\t\t<div class=\"e-gallery-image elementor-gallery-item__image\" data-thumbnail=\"https:\/\/cocinas-tenerife.com\/wp-content\/uploads\/2020\/05\/851_sylt-768x366.jpg\" data-width=\"768\" data-height=\"366\" aria-label=\"Classic - Moderne K\u00fcche bei 1-2-3 K\u00fcchen, Puerto de la Cruz, Teneriffa\" role=\"img\" ><\/div>\n\t\t\t\t\t\t\t\t\t\t\t<div class=\"elementor-gallery-item__overlay\"><\/div>\n\t\t\t\t\t\t\t\t\t\t\t\t\t\t<\/a>\n\t\t\t\t\t<\/div>\n\t\t\t\t\t<\/div>\n\t\t\t\t<\/div>\n\t\t\t\t\t<\/div>\n\t\t<\/div>\n\t\t\t\t\t<\/div>\n\t\t<\/section>\n\t\t\t\t<\/div>\n\t\t","protected":false},"excerpt":{"rendered":"<p>Dise\u00f1o de cocina atemporal La modernidad y el clasicismo se encuentran aqu\u00ed. El resultado son cocinas con un estilo atemporal que nunca pasan de moda. Esta cocina se caracteriza por una elegancia purista, l\u00edneas rectas y funciones pr\u00e1cticas. La cocina cl\u00e1sica se concentra en lo esencial y por lo tanto se convierte en un atractivo [&hellip;]<\/p>\n","protected":false},"author":2,"featured_media":0,"parent":0,"menu_order":0,"comment_status":"closed","ping_status":"closed","template":"","meta":{"footnotes":""},"class_list":["post-4096","page","type-page","status-publish","hentry"],"yoast_head":"<!-- This site is optimized with the Yoast SEO plugin v27.4 - https:\/\/yoast.com\/product\/yoast-seo-wordpress\/ -->\n<title>Dise\u00f1o de cocina atemporal cocinas 123 Cocinas, Puerto de la Cruz, Tenerife<\/title>\n<meta name=\"description\" content=\"Elementos cl\u00e1sicos y modernos se unen. El resultado: cocinas con encanto atemporal. D\u00e9jate convencer en nuestro estudio de cocina en Puerto de La Cruz.\" \/>\n<meta name=\"robots\" content=\"index, follow, max-snippet:-1, max-image-preview:large, max-video-preview:-1\" \/>\n<link rel=\"canonical\" href=\"https:\/\/cocinas-tenerife.com\/es\/diseno-de-cocina-atemporal\/\" \/>\n<meta property=\"og:locale\" content=\"es_ES\" \/>\n<meta property=\"og:type\" content=\"article\" \/>\n<meta property=\"og:title\" content=\"Dise\u00f1o de cocina atemporal cocinas 123 Cocinas, Puerto de la Cruz, Tenerife\" \/>\n<meta property=\"og:description\" content=\"Elementos cl\u00e1sicos y modernos se unen. El resultado: cocinas con encanto atemporal. D\u00e9jate convencer en nuestro estudio de cocina en Puerto de La Cruz.\" \/>\n<meta property=\"og:url\" content=\"https:\/\/cocinas-tenerife.com\/es\/diseno-de-cocina-atemporal\/\" \/>\n<meta property=\"og:site_name\" content=\"123 Cocinas, Puerto de la Cruz, Tenerife\" \/>\n<meta property=\"article:modified_time\" content=\"2020-11-14T15:14:25+00:00\" \/>\n<meta property=\"og:image\" content=\"https:\/\/cocinas-tenerife.com\/wp-content\/uploads\/2019\/12\/classic-kueche-0324_sylt851-847_50143_19-1351x381-1.jpg\" \/>\n<meta name=\"twitter:card\" content=\"summary_large_image\" \/>\n<script type=\"application\/ld+json\" class=\"yoast-schema-graph\">{\"@context\":\"https:\\\/\\\/schema.org\",\"@graph\":[{\"@type\":\"WebPage\",\"@id\":\"https:\\\/\\\/cocinas-tenerife.com\\\/es\\\/diseno-de-cocina-atemporal\\\/\",\"url\":\"https:\\\/\\\/cocinas-tenerife.com\\\/es\\\/diseno-de-cocina-atemporal\\\/\",\"name\":\"Dise\u00f1o de cocina atemporal cocinas 123 Cocinas, Puerto de la Cruz, Tenerife\",\"isPartOf\":{\"@id\":\"https:\\\/\\\/cocinas-tenerife.com\\\/es\\\/#website\"},\"primaryImageOfPage\":{\"@id\":\"https:\\\/\\\/cocinas-tenerife.com\\\/es\\\/diseno-de-cocina-atemporal\\\/#primaryimage\"},\"image\":{\"@id\":\"https:\\\/\\\/cocinas-tenerife.com\\\/es\\\/diseno-de-cocina-atemporal\\\/#primaryimage\"},\"thumbnailUrl\":\"https:\\\/\\\/cocinas-tenerife.com\\\/wp-content\\\/uploads\\\/2019\\\/12\\\/classic-kueche-0324_sylt851-847_50143_19-1351x381-1.jpg\",\"datePublished\":\"2020-11-02T13:46:18+00:00\",\"dateModified\":\"2020-11-14T15:14:25+00:00\",\"description\":\"Elementos cl\u00e1sicos y modernos se unen. El resultado: cocinas con encanto atemporal. D\u00e9jate convencer en nuestro estudio de cocina en Puerto de La Cruz.\",\"breadcrumb\":{\"@id\":\"https:\\\/\\\/cocinas-tenerife.com\\\/es\\\/diseno-de-cocina-atemporal\\\/#breadcrumb\"},\"inLanguage\":\"es\",\"potentialAction\":[{\"@type\":\"ReadAction\",\"target\":[\"https:\\\/\\\/cocinas-tenerife.com\\\/es\\\/diseno-de-cocina-atemporal\\\/\"]}]},{\"@type\":\"ImageObject\",\"inLanguage\":\"es\",\"@id\":\"https:\\\/\\\/cocinas-tenerife.com\\\/es\\\/diseno-de-cocina-atemporal\\\/#primaryimage\",\"url\":\"https:\\\/\\\/cocinas-tenerife.com\\\/wp-content\\\/uploads\\\/2019\\\/12\\\/classic-kueche-0324_sylt851-847_50143_19-1351x381-1.jpg\",\"contentUrl\":\"https:\\\/\\\/cocinas-tenerife.com\\\/wp-content\\\/uploads\\\/2019\\\/12\\\/classic-kueche-0324_sylt851-847_50143_19-1351x381-1.jpg\"},{\"@type\":\"BreadcrumbList\",\"@id\":\"https:\\\/\\\/cocinas-tenerife.com\\\/es\\\/diseno-de-cocina-atemporal\\\/#breadcrumb\",\"itemListElement\":[{\"@type\":\"ListItem\",\"position\":1,\"name\":\"Portada\",\"item\":\"https:\\\/\\\/cocinas-tenerife.com\\\/es\\\/\"},{\"@type\":\"ListItem\",\"position\":2,\"name\":\"Dise\u00f1o de cocina atemporal\"}]},{\"@type\":\"WebSite\",\"@id\":\"https:\\\/\\\/cocinas-tenerife.com\\\/es\\\/#website\",\"url\":\"https:\\\/\\\/cocinas-tenerife.com\\\/es\\\/\",\"name\":\"123-Cocinas\",\"description\":\"Ihr K\u00fcchen-Spezialist in Puerto de la Cruz\",\"publisher\":{\"@id\":\"https:\\\/\\\/cocinas-tenerife.com\\\/es\\\/#organization\"},\"potentialAction\":[{\"@type\":\"SearchAction\",\"target\":{\"@type\":\"EntryPoint\",\"urlTemplate\":\"https:\\\/\\\/cocinas-tenerife.com\\\/es\\\/?s={search_term_string}\"},\"query-input\":{\"@type\":\"PropertyValueSpecification\",\"valueRequired\":true,\"valueName\":\"search_term_string\"}}],\"inLanguage\":\"es\"},{\"@type\":\"Organization\",\"@id\":\"https:\\\/\\\/cocinas-tenerife.com\\\/es\\\/#organization\",\"name\":\"1 2 3 Cocinas\",\"url\":\"https:\\\/\\\/cocinas-tenerife.com\\\/es\\\/\",\"logo\":{\"@type\":\"ImageObject\",\"inLanguage\":\"es\",\"@id\":\"https:\\\/\\\/cocinas-tenerife.com\\\/es\\\/#\\\/schema\\\/logo\\\/image\\\/\",\"url\":\"https:\\\/\\\/cocinas-tenerife.com\\\/wp-content\\\/uploads\\\/2015\\\/02\\\/Logo-123cocinas-hoch-1024x533.jpg\",\"contentUrl\":\"https:\\\/\\\/cocinas-tenerife.com\\\/wp-content\\\/uploads\\\/2015\\\/02\\\/Logo-123cocinas-hoch-1024x533.jpg\",\"width\":1024,\"height\":533,\"caption\":\"1 2 3 Cocinas\"},\"image\":{\"@id\":\"https:\\\/\\\/cocinas-tenerife.com\\\/es\\\/#\\\/schema\\\/logo\\\/image\\\/\"}}]}<\/script>\n<!-- \/ Yoast SEO plugin. -->","yoast_head_json":{"title":"Dise\u00f1o de cocina atemporal cocinas 123 Cocinas, Puerto de la Cruz, Tenerife","description":"Elementos cl\u00e1sicos y modernos se unen. El resultado: cocinas con encanto atemporal. D\u00e9jate convencer en nuestro estudio de cocina en Puerto de La Cruz.","robots":{"index":"index","follow":"follow","max-snippet":"max-snippet:-1","max-image-preview":"max-image-preview:large","max-video-preview":"max-video-preview:-1"},"canonical":"https:\/\/cocinas-tenerife.com\/es\/diseno-de-cocina-atemporal\/","og_locale":"es_ES","og_type":"article","og_title":"Dise\u00f1o de cocina atemporal cocinas 123 Cocinas, Puerto de la Cruz, Tenerife","og_description":"Elementos cl\u00e1sicos y modernos se unen. El resultado: cocinas con encanto atemporal. D\u00e9jate convencer en nuestro estudio de cocina en Puerto de La Cruz.","og_url":"https:\/\/cocinas-tenerife.com\/es\/diseno-de-cocina-atemporal\/","og_site_name":"123 Cocinas, Puerto de la Cruz, Tenerife","article_modified_time":"2020-11-14T15:14:25+00:00","og_image":[{"url":"https:\/\/cocinas-tenerife.com\/wp-content\/uploads\/2019\/12\/classic-kueche-0324_sylt851-847_50143_19-1351x381-1.jpg","type":"","width":"","height":""}],"twitter_card":"summary_large_image","schema":{"@context":"https:\/\/schema.org","@graph":[{"@type":"WebPage","@id":"https:\/\/cocinas-tenerife.com\/es\/diseno-de-cocina-atemporal\/","url":"https:\/\/cocinas-tenerife.com\/es\/diseno-de-cocina-atemporal\/","name":"Dise\u00f1o de cocina atemporal cocinas 123 Cocinas, Puerto de la Cruz, Tenerife","isPartOf":{"@id":"https:\/\/cocinas-tenerife.com\/es\/#website"},"primaryImageOfPage":{"@id":"https:\/\/cocinas-tenerife.com\/es\/diseno-de-cocina-atemporal\/#primaryimage"},"image":{"@id":"https:\/\/cocinas-tenerife.com\/es\/diseno-de-cocina-atemporal\/#primaryimage"},"thumbnailUrl":"https:\/\/cocinas-tenerife.com\/wp-content\/uploads\/2019\/12\/classic-kueche-0324_sylt851-847_50143_19-1351x381-1.jpg","datePublished":"2020-11-02T13:46:18+00:00","dateModified":"2020-11-14T15:14:25+00:00","description":"Elementos cl\u00e1sicos y modernos se unen. El resultado: cocinas con encanto atemporal. D\u00e9jate convencer en nuestro estudio de cocina en Puerto de La Cruz.","breadcrumb":{"@id":"https:\/\/cocinas-tenerife.com\/es\/diseno-de-cocina-atemporal\/#breadcrumb"},"inLanguage":"es","potentialAction":[{"@type":"ReadAction","target":["https:\/\/cocinas-tenerife.com\/es\/diseno-de-cocina-atemporal\/"]}]},{"@type":"ImageObject","inLanguage":"es","@id":"https:\/\/cocinas-tenerife.com\/es\/diseno-de-cocina-atemporal\/#primaryimage","url":"https:\/\/cocinas-tenerife.com\/wp-content\/uploads\/2019\/12\/classic-kueche-0324_sylt851-847_50143_19-1351x381-1.jpg","contentUrl":"https:\/\/cocinas-tenerife.com\/wp-content\/uploads\/2019\/12\/classic-kueche-0324_sylt851-847_50143_19-1351x381-1.jpg"},{"@type":"BreadcrumbList","@id":"https:\/\/cocinas-tenerife.com\/es\/diseno-de-cocina-atemporal\/#breadcrumb","itemListElement":[{"@type":"ListItem","position":1,"name":"Portada","item":"https:\/\/cocinas-tenerife.com\/es\/"},{"@type":"ListItem","position":2,"name":"Dise\u00f1o de cocina atemporal"}]},{"@type":"WebSite","@id":"https:\/\/cocinas-tenerife.com\/es\/#website","url":"https:\/\/cocinas-tenerife.com\/es\/","name":"123-Cocinas","description":"Ihr K\u00fcchen-Spezialist in Puerto de la Cruz","publisher":{"@id":"https:\/\/cocinas-tenerife.com\/es\/#organization"},"potentialAction":[{"@type":"SearchAction","target":{"@type":"EntryPoint","urlTemplate":"https:\/\/cocinas-tenerife.com\/es\/?s={search_term_string}"},"query-input":{"@type":"PropertyValueSpecification","valueRequired":true,"valueName":"search_term_string"}}],"inLanguage":"es"},{"@type":"Organization","@id":"https:\/\/cocinas-tenerife.com\/es\/#organization","name":"1 2 3 Cocinas","url":"https:\/\/cocinas-tenerife.com\/es\/","logo":{"@type":"ImageObject","inLanguage":"es","@id":"https:\/\/cocinas-tenerife.com\/es\/#\/schema\/logo\/image\/","url":"https:\/\/cocinas-tenerife.com\/wp-content\/uploads\/2015\/02\/Logo-123cocinas-hoch-1024x533.jpg","contentUrl":"https:\/\/cocinas-tenerife.com\/wp-content\/uploads\/2015\/02\/Logo-123cocinas-hoch-1024x533.jpg","width":1024,"height":533,"caption":"1 2 3 Cocinas"},"image":{"@id":"https:\/\/cocinas-tenerife.com\/es\/#\/schema\/logo\/image\/"}}]}},"_links":{"self":[{"href":"https:\/\/cocinas-tenerife.com\/es\/wp-json\/wp\/v2\/pages\/4096","targetHints":{"allow":["GET"]}}],"collection":[{"href":"https:\/\/cocinas-tenerife.com\/es\/wp-json\/wp\/v2\/pages"}],"about":[{"href":"https:\/\/cocinas-tenerife.com\/es\/wp-json\/wp\/v2\/types\/page"}],"author":[{"embeddable":true,"href":"https:\/\/cocinas-tenerife.com\/es\/wp-json\/wp\/v2\/users\/2"}],"replies":[{"embeddable":true,"href":"https:\/\/cocinas-tenerife.com\/es\/wp-json\/wp\/v2\/comments?post=4096"}],"version-history":[{"count":1,"href":"https:\/\/cocinas-tenerife.com\/es\/wp-json\/wp\/v2\/pages\/4096\/revisions"}],"predecessor-version":[{"id":4097,"href":"https:\/\/cocinas-tenerife.com\/es\/wp-json\/wp\/v2\/pages\/4096\/revisions\/4097"}],"wp:attachment":[{"href":"https:\/\/cocinas-tenerife.com\/es\/wp-json\/wp\/v2\/media?parent=4096"}],"curies":[{"name":"wp","href":"https:\/\/api.w.org\/{rel}","templated":true}]}}